{"version":"1.0","provider_name":"MIVEGEC","provider_url":"https:\/\/mivegec.fr\/en","author_name":"nil.rahola@ird.fr","author_url":"https:\/\/mivegec.fr\/en\/author\/nilraholairdfr","title":"MATA'EA: Cartographie de l\u2019\u00e9tat de sant\u00e9 de la population de la Polyn\u00e9sie fran\u00e7aise - MIVEGEC","type":"rich","width":600,"height":338,"html":"<blockquote class=\"wp-embedded-content\" data-secret=\"ojHROYYOGs\"><a href=\"https:\/\/mivegec.fr\/en\/project\/mataea\">MATA&#8217;EA: Cartographie de l\u2019\u00e9tat de sant\u00e9 de la population de la Polyn\u00e9sie fran\u00e7aise<\/a><\/blockquote><iframe sandbox=\"allow-scripts\" security=\"restricted\" src=\"https:\/\/mivegec.fr\/en\/project\/mataea\/embed#?secret=ojHROYYOGs\" width=\"600\" height=\"338\" title=\"&#8220;MATA&#8217;EA: Cartographie de l\u2019\u00e9tat de sant\u00e9 de la population de la Polyn\u00e9sie fran\u00e7aise&#8221; &#8212; MIVEGEC\" data-secret=\"ojHROYYOGs\" frameborder=\"0\" marginwidth=\"0\" marginheight=\"0\" scrolling=\"no\" class=\"wp-embedded-content\"><\/iframe><script type=\"text\/javascript\">\n\/* <![CDATA[ *\/\n\/*! This file is auto-generated *\/\n!function(d,l){\"use strict\";l.querySelector&&d.addEventListener&&\"undefined\"!=typeof URL&&(d.wp=d.wp||{},d.wp.receiveEmbedMessage||(d.wp.receiveEmbedMessage=function(e){var t=e.data;if((t||t.secret||t.message||t.value)&&!\/[^a-zA-Z0-9]\/.test(t.secret)){for(var s,r,n,a=l.querySelectorAll('iframe[data-secret=\"'+t.secret+'\"]'),o=l.querySelectorAll('blockquote[data-secret=\"'+t.secret+'\"]'),c=new RegExp(\"^https?:$\",\"i\"),i=0;i<o.length;i++)o[i].style.display=\"none\";for(i=0;i<a.length;i++)s=a[i],e.source===s.contentWindow&&(s.removeAttribute(\"style\"),\"height\"===t.message?(1e3<(r=parseInt(t.value,10))?r=1e3:~~r<200&&(r=200),s.height=r):\"link\"===t.message&&(r=new URL(s.getAttribute(\"src\")),n=new URL(t.value),c.test(n.protocol))&&n.host===r.host&&l.activeElement===s&&(d.top.location.href=t.value))}},d.addEventListener(\"message\",d.wp.receiveEmbedMessage,!1),l.addEventListener(\"DOMContentLoaded\",function(){for(var e,t,s=l.querySelectorAll(\"iframe.wp-embedded-content\"),r=0;r<s.length;r++)(t=(e=s[r]).getAttribute(\"data-secret\"))||(t=Math.random().toString(36).substring(2,12),e.src+=\"#?secret=\"+t,e.setAttribute(\"data-secret\",t)),e.contentWindow.postMessage({message:\"ready\",secret:t},\"*\")},!1)))}(window,document);\n\/* ]]> *\/\n<\/script>\n","description":"Les objectifs sont de dresser un \u00e9tat des lieux de l\u2019\u00e9tat de sant\u00e9 de la population et d\u2019\u00e9valuer le poids de facteurs de risque contextuels et de facteurs intrins\u00e8ques de susceptibilit\u00e9 vis-\u00e0-vis des maladies non-transmissibles, des maladies infectieuses et des pathologies chroniques."}